{"id":7879,"date":"2023-11-01T13:37:11","date_gmt":"2023-11-01T16:37:11","guid":{"rendered":"https:\/\/festivaldecircodobrasil.com.br\/2023\/?page_id=7879"},"modified":"2024-10-15T23:22:56","modified_gmt":"2024-10-16T02:22:56","slug":"programacao-completa-2023","status":"publish","type":"page","link":"https:\/\/festivaldecircodobrasil.com.br\/2023\/programacao-completa-2023\/","title":{"rendered":"Programa\u00e7\u00e3o Completa 2023"},"content":{"rendered":"<p><strong>FESTIVAL DE CIRCO DO BRASIL 2023 <\/strong><\/p>\n<p><strong>De 07 a 12 de Novembro em Pernambuco.<\/strong><\/p>\n<p><strong>Programa\u00e7\u00e3o gratuita, exceto apresenta\u00e7\u00f5es em teatros.<\/strong><\/p>\n<p>Baixe a programa\u00e7\u00e3o digital: <a href=\"https:\/\/bit.ly\/VemCurtirFestivaldeCircodoBrasil\">AQUI<\/a><\/p>\n<p><strong>INGRESSOS: Sympla<\/strong>\u00a0<a href=\"https:\/\/www.sympla.com.br\/produtor\/festivaldecircodobrasil\"><strong>(Compre aqui)<\/strong><\/a>.<\/p>\n<p><strong>Valores:<\/strong> De R$ 5,00 a R$40,00<\/p>\n<ul>\n<li><strong>\u00a0<\/strong>Teatro Santa Isabel:\u00a0<a href=\"tel:8133553323\"><strong>(81) 3355-3323<\/strong><\/a><\/li>\n<li>Teatros Apolo e Teatro Hermilo: <a href=\"tel:8133553320\"><strong>(81) 3355-3320<\/strong><\/a><\/li>\n<li>Teatro do Parque: <a href=\"tel:8132423437\"><strong>(81) 3242-3437<\/strong><\/a><\/li>\n<li>Museu do Estado: <a href=\"tel:8131843170\"><strong>(81) 3184-3170<\/strong><\/a><\/li>\n<\/ul>\n<p><strong>Informa\u00e7\u00f5es: <\/strong>Luni Produ\u00e7\u00f5es\u00a0<a href=\"tel:81996015786\"><strong>(81) 99601-5786<\/strong><\/a><\/p>\n<p>.<\/p>\n<p>A partir das 10h<strong>VIV\u00caNCIAS CIRCENSES<\/strong> (Equipamentos circenses) \u2013 <strong>Cia Brincantes de Circo (BRA-PE)<\/strong><\/p>\n<table class=\"table\" width=\"1011\">\n<tbody>\n<tr>\n<td class=\"tit-tabela\" colspan=\"4\" width=\"1011\">07\/11 \u2013 TER\u00c7A-FEIRA<\/td>\n<\/tr>\n<tr>\n<td>16h<\/td>\n<td><strong>ATRAPALHA\u00c7OS<\/strong> &#8211; Cia Brincantes de Circo (BRA-PE)<\/td>\n<td>Externa Alto do Capit\u00e3o<\/td>\n<td>Livre<\/td>\n<\/tr>\n<tr>\n<td>19h<\/td>\n<td><strong>CIRCO DE LOS PIES<\/strong> \u2013 La Luna Cia de Teatro (BRA-SP)<\/td>\n<td>Teatro Apolo<\/td>\n<td>Livre<\/td>\n<\/tr>\n<tr>\n<td class=\"tit-tabela\" colspan=\"4\" width=\"1011\">08\/11 \u2013 QUARTA-FEIRA<\/td>\n<\/tr>\n<tr>\n<td>10h<br \/>\n15h<\/td>\n<td><strong>CIRCO DE LOS PIES<\/strong> \u2013 La Luna Cia de Teatro (BRA-SP)<\/td>\n<td>Teatro Apolo<br \/>\n*sess\u00f5es para escolas e institui\u00e7\u00f5es*<\/td>\n<td>Livre<\/td>\n<\/tr>\n<tr>\n<td>19h30<\/td>\n<td><strong>ORQUESTRA DE MALABARES DA ESPANHA &amp; SPOK BIG BAND<\/strong> \u2013 Pistacatro Productora de So\u00f1os (ESP) e Maestro Spok (PE)<\/td>\n<td>Teatro do Parque<\/td>\n<td>Livre<\/td>\n<\/tr>\n<tr>\n<td class=\"tit-tabela\" colspan=\"4\" width=\"1011\">09\/11 \u2013 QUINTA-FEIRA<\/td>\n<\/tr>\n<tr>\n<td>15h<\/td>\n<td><strong>CIRCO DE LOS PIES<\/strong> \u2013 La Luna Cia de Teatro (BRA-SP)<\/td>\n<td>SESC S\u00e3o Louren\u00e7o da Mata<\/td>\n<td>Livre<\/td>\n<\/tr>\n<tr>\n<td>20h<\/td>\n<td><strong>INTIMIDADE C\u00d4MICA<\/strong> \u2013 Cia LaClass Exc\u00eantricos (BRA-SP)<\/td>\n<td>Teatro de Santa Isabel<\/td>\n<td>10 anos<\/td>\n<\/tr>\n<tr>\n<td>20h<\/td>\n<td><strong>CONSAGRADA<\/strong> \u2013 Gabi Parigi (ARG)<\/td>\n<td>Teatro Apolo<\/td>\n<td>10 anos<\/td>\n<\/tr>\n<tr>\n<td class=\"tit-tabela\" colspan=\"4\" width=\"1011\">10\/11 \u2013 SEXTA-FEIRA<\/td>\n<\/tr>\n<tr>\n<td>18h<\/td>\n<td><strong>POR UM FIO<\/strong> \u2013 Trupe Arlequin (PB)<\/td>\n<td>Teatro Hermilo Borba Filho<\/td>\n<td>14 anos<\/td>\n<\/tr>\n<tr>\n<td>19h<\/td>\n<td><strong>TRAIT(S) <\/strong> \u2013 Cie SCoM Coline Garcia (FRA)<\/td>\n<td>SESC S\u00e3o Louren\u00e7o da Mata<\/td>\n<td>Livre<\/td>\n<\/tr>\n<tr>\n<td>20h<\/td>\n<td><strong>INTIMIDADE C\u00d4MICA<\/strong> \u2013 Cia LaClass Exc\u00eantricos (BRA-SP)<\/td>\n<td>Teatro de Santa Isabel<\/td>\n<td>10 anos<\/td>\n<\/tr>\n<tr>\n<td>20h<\/td>\n<td><strong>LA CEREMONIA<\/strong> \u2013 Cia Tomi Soko (ARG)<\/td>\n<td>Teatro Apolo<\/td>\n<td>12 anos<\/td>\n<\/tr>\n<tr>\n<td class=\"tit-tabela\" colspan=\"4\" width=\"1011\">11\/11 \u2013 S\u00c1BADO<\/td>\n<\/tr>\n<tr>\n<td>16h<\/td>\n<td><strong>TRAIT(S)<\/strong> \u2013 Cie SCoM \u2013 Coline Garcia (FRA)<\/td>\n<td>Teatro Hermilo Borba Filho<\/td>\n<td>Livre<\/td>\n<\/tr>\n<tr>\n<td>17h<\/td>\n<td><strong>PICADEIRO PERNAMBUCO<\/strong> \u2013 Trupe Carcar\u00e1 (PE)<\/td>\n<td>Teatro do Parque<\/td>\n<td>Livre<\/td>\n<\/tr>\n<tr>\n<td>19h<\/td>\n<td><strong>VIVER COM, MORRER COM<\/strong> \u2013 A Penca (BRA-SP)<\/td>\n<td>Teatro Apolo<\/td>\n<td>Livre<\/td>\n<\/tr>\n<tr>\n<td>20h<\/td>\n<td><strong>UM DOMINGO<\/strong> \u2013 Proyecto Migra e Galp\u00e3o de Guevara (ARG)<\/td>\n<td>Teatro de Santa Isabel<\/td>\n<td>12 anos<\/td>\n<\/tr>\n<tr>\n<td class=\"tit-tabela\" colspan=\"4\" width=\"1011\">12\/11 \u2013 DOMINGO<\/td>\n<\/tr>\n<tr>\n<td>10h<\/td>\n<td><strong>TRAIT(S)<\/strong> \u2013 Cie SCoM \u2013 Coline Garcia (FRA)<\/td>\n<td>Feira Liter\u00e1ria de Campina Grande<\/td>\n<td>Livre<\/td>\n<\/tr>\n<tr>\n<td>17h<\/td>\n<td><strong>TRA TRA<\/strong> \u2013 Plataforma Clo (URU)<\/td>\n<td>Teatro Hermilo Borba Filho<\/td>\n<td>Livre<\/td>\n<\/tr>\n<tr>\n<td>18h<\/td>\n<td><strong>UM DOMINGO<\/strong> \u2013 Proyecto Migra e Galp\u00e3o de Guevara (ARG)<\/td>\n<td>Teatro de Santa Isabel<\/td>\n<td>12 anos<\/td>\n<\/tr>\n<tr>\n<td>19h<\/td>\n<td><strong>EU NO CONTROLE<\/strong> \u2013 Baju, A Palha\u00e7a (BRA-PE)<\/td>\n<td>Teatro Apolo<\/td>\n<td>12 anos<\/td>\n<\/tr>\n<tr>\n<td class=\"tit-tabela\" colspan=\"4\" width=\"1011\">** MUSEU DO ESTADO **<br \/>\nMuseu do Estado de Pernambuco \u2013 Entrada Gratuita \u2013 Livre<\/td>\n<\/tr>\n<tr>\n<td>A partir das 10h<\/td>\n<td colspan=\"3\"><strong>Feirinha do Circo<\/strong> (produtos diversos) e <strong>Pra\u00e7a de Alimenta\u00e7\u00e3o<\/strong><\/td>\n<\/tr>\n<tr>\n<td>A partir das 10h<\/td>\n<td colspan=\"3\">Exposi\u00e7\u00e3o: <strong>POR TR\u00c1S DA LONA<\/strong> \u2013 Arnaldo Sete (PE)<\/td>\n<\/tr>\n<tr>\n<td>Manh\u00e3<\/td>\n<td colspan=\"3\"><strong>PALHA\u00c7ASSANDO<\/strong> \u2013 Palha\u00e7o Dud Grud (BRA-PE)<\/td>\n<\/tr>\n<tr>\n<td>Tarde<\/td>\n<td colspan=\"3\"><strong>SWING DO MARMELO<\/strong> \u2013 Palha\u00e7o Marmelo (BRA-PE)<\/td>\n<\/tr>\n<tr>\n<td>Tarde<\/td>\n<td colspan=\"3\"><strong>Experimento VI: ISSO (N\u00c3O) \u00c9 UM N\u00daMERO DE CIRCO<\/strong> \u2013 Cia Devir (BRA-PE)<\/td>\n<\/tr>\n<tr>\n<td>Tarde<\/td>\n<td colspan=\"3\"><strong>MARCELINO em PENTE FINO<\/strong> \u2013 Cia LaClass Exc\u00eantricos (BRA-PE)<\/td>\n<\/tr>\n<tr>\n<td>Tarde<\/td>\n<td colspan=\"3\">Filme: <strong>EXTRAORDIN\u00c1RIAS<\/strong> (Estreia) \u2013 Luni Produ\u00e7\u00f5es (BRA-PE)<\/td>\n<\/tr>\n<\/tbody>\n<\/table>\n<p>.<\/p>\n","protected":false},"excerpt":{"rendered":"<p>FESTIVAL DE CIRCO DO BRASIL 2023 De 07 a 12 de Novembro em Pernambuco. Programa\u00e7\u00e3o gratuita, exceto apresenta\u00e7\u00f5es em teatros. Baixe a programa\u00e7\u00e3o digital: AQUI INGRESSOS: Sympla\u00a0(Compre aqui). Valores: De R$ 5,00 a R$40,00 \u00a0Teatro Santa Isabel:\u00a0(81) 3355-3323 Teatros Apolo e Teatro Hermilo: (81) 3355-3320 Teatro do Parque: (81) 3242-3437 <a class=\"leiamais\" href=\"https:\/\/festivaldecircodobrasil.com.br\/2023\/programacao-completa-2023\/\">LER NOT\u00cdCIA<\/a><\/p>\n","protected":false},"author":1,"featured_media":0,"parent":0,"menu_order":0,"comment_status":"closed","ping_status":"closed","template":"","meta":{"footnotes":""},"class_list":["post-7879","page","type-page","status-publish","hentry","active"],"_links":{"self":[{"href":"https:\/\/festivaldecircodobrasil.com.br\/2023\/wp-json\/wp\/v2\/pages\/7879","targetHints":{"allow":["GET"]}}],"collection":[{"href":"https:\/\/festivaldecircodobrasil.com.br\/2023\/wp-json\/wp\/v2\/pages"}],"about":[{"href":"https:\/\/festivaldecircodobrasil.com.br\/2023\/wp-json\/wp\/v2\/types\/page"}],"author":[{"embeddable":true,"href":"https:\/\/festivaldecircodobrasil.com.br\/2023\/wp-json\/wp\/v2\/users\/1"}],"replies":[{"embeddable":true,"href":"https:\/\/festivaldecircodobrasil.com.br\/2023\/wp-json\/wp\/v2\/comments?post=7879"}],"version-history":[{"count":13,"href":"https:\/\/festivaldecircodobrasil.com.br\/2023\/wp-json\/wp\/v2\/pages\/7879\/revisions"}],"predecessor-version":[{"id":16946,"href":"https:\/\/festivaldecircodobrasil.com.br\/2023\/wp-json\/wp\/v2\/pages\/7879\/revisions\/16946"}],"wp:attachment":[{"href":"https:\/\/festivaldecircodobrasil.com.br\/2023\/wp-json\/wp\/v2\/media?parent=7879"}],"curies":[{"name":"wp","href":"https:\/\/api.w.org\/{rel}","templated":true}]}}